{"id":1044,"date":"2025-05-19T17:04:21","date_gmt":"2025-05-19T17:04:21","guid":{"rendered":"https:\/\/sivustot.lentopallo.fi\/istumalentopallo\/?post_type=uutiset&#038;p=1044"},"modified":"2025-05-19T17:04:21","modified_gmt":"2025-05-19T17:04:21","slug":"istiksen-yleiskokous-19-5-2025-klo18-00-19-48","status":"publish","type":"uutiset","link":"https:\/\/sivustot.lentopallo.fi\/istumalentopallo\/uutiset\/istiksen-yleiskokous-19-5-2025-klo18-00-19-48\/","title":{"rendered":"Istiksen yleiskokous 19.5.2025 klo:18.00-19.48"},"content":{"rendered":"\n<p>Sini H\u00e4kkinen istisjaoksen uusi pj esitt\u00e4ytyi.<\/p>\n\n\n\n<h2 class=\"wp-block-heading\">Menneen sarjakauden asiat<\/h2>\n\n\n\n<ul class=\"wp-block-list\">\n<li>ei ykk\u00f6ssarjaturnauksia ollenkaan, Siilinj\u00e4rvi olisi j\u00e4rjest\u00e4nyt, mutta ei tullut osallistujia. Siell\u00e4 pelattiin kuitenkin nelj\u00e4n joukkueen hyv\u00e4 \u201dh\u00e4nts\u00e4turnaus\u201d.<\/li>\n\n\n\n<li>miesten 50 mitalit puuttuu edelleen, samaa ongelmaa oli Suomen Cupin mitaleissa. Aikataulu mitalien l\u00e4hett\u00e4miselle ollut viikkoa ennen, mutta nyt sit\u00e4 pit\u00e4\u00e4 aikaistaa viel\u00e4, koska selke\u00e4sti ei toimi mitalitoimittajalta finaalipaikoille.<\/li>\n\n\n\n<li>SM-kauden viikonloput kun saatiin ajoissa sovittua, niin toimi paremmin kuin aiempina vuosina. Aikataulu olisi hyv\u00e4 saada t\u00e4ss\u00e4 toukokuussa jo alustavasti valmiiksi.<\/li>\n\n\n\n<li>Salien vuoksi ei saatu aikataulua sopimaan ja suunniteltu mitalitapahtuma j\u00e4i torsoksi. Finaalitapahtumassakin pit\u00e4isi olla aikataulut ajoissa tiedossa, jotta pitk\u00e4nmatkalaiset ehtiv\u00e4t suunnitella matkoja.<\/li>\n\n\n\n<li>Aikataulujen vuoksi saisiko SM-sarjaan ilmoittautumista aikaistettua?<\/li>\n\n\n\n<li>Voisiko finaaliturnauksen haun laittaa niin, ett\u00e4 salit jne. l\u00f6ytyy nelj\u00e4lle ottelulle.<\/li>\n\n\n\n<li>Turnauskulut muodostuu kohtuu suuriksi. Saako liitolta mit\u00e4\u00e4n tukea jatkossa? Selvitet\u00e4\u00e4n ensi kaudelle, voisiko lopputurnauksen kuluja tukea. Tuomarikulut on suuret, mutta menneell\u00e4 kaudella tuomarit saatiin Kotkaa lukuun ottamatta l\u00e4helt\u00e4 (alle 100 km kuluja).<\/li>\n<\/ul>\n\n\n\n<h2 class=\"wp-block-heading\">Tulevan kauden p\u00e4iv\u00e4m\u00e4\u00e4r\u00e4t<\/h2>\n\n\n\n<ul class=\"wp-block-list\">\n<li><strong>Kes\u00e4n biitsiturnaus on 23.8.2025 lauantaina yksip\u00e4iv\u00e4isen\u00e4, j\u00e4rjest\u00e4j\u00e4haku on auki sunnuntaihin 1.6.2025 saakka<\/strong>. Turnaus vaatii kaksi kentt\u00e4\u00e4. Ilmoittautuminen Sampsalle.<\/li>\n\n\n\n<li>S\u00e4hk\u00f6postiviestint\u00e4\u00e4 toivotaan lis\u00e4\u00e4, istiksen uutiskirje?<\/li>\n\n\n\n<li><strong>Suomen Cup 27.9.2025, j\u00e4rjest\u00e4j\u00e4haku auki 15.6.2025<\/strong> menness\u00e4 Sampsalle. Toivotaan paljon pelej\u00e4 eik\u00e4 niin, ett\u00e4 menn\u00e4\u00e4n pudotuspelisysteemill\u00e4.<\/li>\n<\/ul>\n\n\n\n<ul class=\"wp-block-list\">\n<li><strong>SM-sarjan p\u00e4iv\u00e4m\u00e4\u00e4r\u00e4t: Ilmoittautuminen sarjaan 15.8. menness\u00e4.<\/strong>\n<ul class=\"wp-block-list\">\n<li>nelj\u00e4 kierrosta ja finaalip\u00e4iv\u00e4\n<ul class=\"wp-block-list\">\n<li>ensimm\u00e4inen kierros\n<ul class=\"wp-block-list\">\n<li>naiset lauantai 15.11.2025<\/li>\n\n\n\n<li>miehet lauantai 22.11.2025<\/li>\n<\/ul>\n<\/li>\n\n\n\n<li>toinen kierros\n<ul class=\"wp-block-list\">\n<li>miehet lauantai 13.12.2025<\/li>\n\n\n\n<li>naiset sunnuntaina 14.12.2025<\/li>\n<\/ul>\n<\/li>\n\n\n\n<li>kolmas kierros\n<ul class=\"wp-block-list\">\n<li>naiset lauantaina 10.1.2026<\/li>\n\n\n\n<li>miehet lauantaina 17.1.2026<\/li>\n<\/ul>\n<\/li>\n\n\n\n<li>nelj\u00e4s kierros\n<ul class=\"wp-block-list\">\n<li>naiset lauantaina 7.3.2025<\/li>\n\n\n\n<li>miehet lauantaina 14.3.2025<\/li>\n<\/ul>\n<\/li>\n\n\n\n<li>28-29.3 naisten ja miesten finaalitapahtuma jompikumpi p\u00e4iv\u00e4 riippuen sali ja tuomaritilanteesta.<\/li>\n<\/ul>\n<\/li>\n<\/ul>\n<\/li>\n<\/ul>\n\n\n\n<p>Finaalitapahtuman j\u00e4rjest\u00e4misest\u00e4 tehd\u00e4\u00e4n haku? T\u00e4m\u00e4 vahvistuu, kun tiedet\u00e4\u00e4n joukkuem\u00e4\u00e4r\u00e4t ja saadaan laadittua sarjam\u00e4\u00e4r\u00e4ykset.<\/p>\n\n\n\n<ul class=\"wp-block-list\">\n<li>Kotkalaiset ainakin Saksassa, v\u00e4istell\u00e4\u00e4n kv.turnauksia\n<ul class=\"wp-block-list\">\n<li>K\u00f6\u00f6penhamina on 1-2.11.<\/li>\n\n\n\n<li>Leipzig marraskuun lopussa\/joulukuun alussa<\/li>\n<\/ul>\n<\/li>\n<\/ul>\n\n\n\n<ul class=\"wp-block-list\">\n<li><strong>Kotka-turnaus 7.2.2026<\/strong>, j\u00e4rjestet\u00e4\u00e4n, jos tulee riitt\u00e4v\u00e4sti joukkueita<\/li>\n\n\n\n<li><strong>miesten M50 turnausp\u00e4iv\u00e4m\u00e4\u00e4r\u00e4 18.4.2026, j\u00e4rjest\u00e4j\u00e4haku 31.12.2025 menness\u00e4.<\/strong><\/li>\n<\/ul>\n\n\n\n<ul class=\"wp-block-list\">\n<li>Ykk\u00f6ssarja: mik\u00e4 on ykk\u00f6ssarjan merkitys t\u00e4n\u00e4 p\u00e4iv\u00e4n\u00e4? Molempiin sarjoihin ei meinaa l\u00f6yty\u00e4 en\u00e4\u00e4 joukkueita.<\/li>\n\n\n\n<li>Ykk\u00f6ssarjassa ollut sekajoukkueita ja toivotaan, ett\u00e4 voisi pelata turnauskohtaisesti ilman sarjamuotoista sitoutumista. Menn\u00e4\u00e4nk\u00f6 edelleen SM-pelaaja kiinti\u00f6ll\u00e4? Pelaajia on niin v\u00e4h\u00e4n, ett\u00e4 rajoitus saattaa est\u00e4\u00e4 kokonaan joukkueen saamista. Eik\u00e4 kovimmat SM-pelaajat yleens\u00e4 ole ollut ykk\u00f6ssarjassa mukana. Kokeillaan kausi 2025-2026 ilman rajoitteita eli kaikki mukaan!\n<ul class=\"wp-block-list\">\n<li><strong>ykk\u00f6ssarjaturnauksille vaihtoehtoisia p\u00e4iv\u00e4m\u00e4\u00e4ri\u00e4 20.12.2025, 24.1.2026, 21.3.2026, jos ei Kotka-turnausta j\u00e4rjestet\u00e4, niin siin\u00e4 voisi olla sitten my\u00f6s ykk\u00f6ssarjaturnaus. J\u00e4rjest\u00e4j\u00e4haku 24.8.2025 menness\u00e4.<\/strong><\/li>\n<\/ul>\n<\/li>\n<\/ul>\n\n\n\n<h2 class=\"wp-block-heading\">Kehitt\u00e4misideoita<\/h2>\n\n\n\n<ul class=\"wp-block-list\">\n<li>saisiko liitto levitetty\u00e4 istiksen ilosanomaa? Nyt on Power Cupissa esittely\u00e4 tulossa, mutta saataisiinko lajiesittely\u00e4 muuallekin? Lauantaina 7.6. klo:11 on suunniteltu n\u00e4yt\u00f6sottelua Poweriin, lis\u00e4\u00e4 porukkaa kaivataan mukaan. Ilmoittautuminen Hanna-Maria Sariluodolle.<\/li>\n\n\n\n<li>Voisiko istiksen Suomen Cupin pelata pystypallon kanssa Suomen Cupissa 31.1-1.2.2026? Tai ainakin n\u00e4yt\u00f6sottelun?<\/li>\n\n\n\n<li>Apuv\u00e4linemessut 8.11.2025 lauantaina. Sinne mahdollista j\u00e4rjest\u00e4\u00e4 n\u00e4yt\u00f6sottelu, jos osallistujia l\u00f6ytyy. Ilmoittautuminen Annukka J\u00e4\u00e4tteenm\u00e4elle.<\/li>\n\n\n\n<li>Istissivuille toivotaan lis\u00e4\u00e4 materiaalia. Kuvia ja juttuja voi laittaa Jennille suoraan, sill\u00e4 jutut saadaan hienosti l\u00e4pi my\u00f6s liiton sivuille.<\/li>\n\n\n\n<li>Liiton seurakirjeeseen juttua istiksest\u00e4. Jari laittaa p\u00e4iv\u00e4m\u00e4\u00e4r\u00e4t tiedoksi, niin tuotetaan juttuja valmiiksi.<\/li>\n<\/ul>\n","protected":false},"featured_media":948,"template":"","news-themes":[10],"class_list":["post-1044","uutiset","type-uutiset","status-publish","has-post-thumbnail","hentry"],"acf":[],"_links":{"self":[{"href":"https:\/\/sivustot.lentopallo.fi\/istumalentopallo\/wp-json\/wp\/v2\/uutiset\/1044","targetHints":{"allow":["GET"]}}],"collection":[{"href":"https:\/\/sivustot.lentopallo.fi\/istumalentopallo\/wp-json\/wp\/v2\/uutiset"}],"about":[{"href":"https:\/\/sivustot.lentopallo.fi\/istumalentopallo\/wp-json\/wp\/v2\/types\/uutiset"}],"wp:featuredmedia":[{"embeddable":true,"href":"https:\/\/sivustot.lentopallo.fi\/istumalentopallo\/wp-json\/wp\/v2\/media\/948"}],"wp:attachment":[{"href":"https:\/\/sivustot.lentopallo.fi\/istumalentopallo\/wp-json\/wp\/v2\/media?parent=1044"}],"wp:term":[{"taxonomy":"news-themes","embeddable":true,"href":"https:\/\/sivustot.lentopallo.fi\/istumalentopallo\/wp-json\/wp\/v2\/news-themes?post=1044"}],"curies":[{"name":"wp","href":"https:\/\/api.w.org\/{rel}","templated":true}]}}