{"id":811,"date":"2024-01-15T16:32:55","date_gmt":"2024-01-15T16:32:55","guid":{"rendered":"https:\/\/sivustot.lentopallo.fi\/istumalentopallo\/?post_type=uutiset&#038;p=811"},"modified":"2024-01-15T16:37:01","modified_gmt":"2024-01-15T16:37:01","slug":"sarjasaannot-vihdoin","status":"publish","type":"uutiset","link":"https:\/\/sivustot.lentopallo.fi\/istumalentopallo\/uutiset\/sarjasaannot-vihdoin\/","title":{"rendered":"Sarjas\u00e4\u00e4nn\u00f6t, vihdoin!"},"content":{"rendered":"\n\n\t<section id=\"block_6c07bc46f1ca4deccbe16965541d67b5\" class=\"cta-section image-position-left\">\n\t\t<div class=\"cta-section-holder\">\n\t\t\t\t\t\t\t<div class=\"cta-s-image\" style=\"background-image:url(https:\/\/sivustot.lentopallo.fi\/istumalentopallo\/files\/2023\/10\/Pyry-2023-pytty-1060x1413.jpg);\"><\/div>\n\t\t\t\n\t\t\t\t\t\t\t<div class=\"cta-s-content\">\n\t\t\t\t\t\t\t\t\t\t\t<h2 class=\"title\">Sarjas\u00e4\u00e4nn\u00f6t, vihdoin!<\/h2>\n\t\t\t\t\t\n\t\t\t\t\t\t\t\t\t\t\t<div class=\"text\">T\u00e4m\u00e4 kausi on istiksen osalta ollut takkuista. Nyt kuitenkin vihdoin ja viimein saatiin t\u00e4lle kaudelle p\u00e4ivitetyt sarjas\u00e4\u00e4nn\u00f6t. 9.2.2024 on viimeinen p\u00e4iv\u00e4 kun joukkueisiin saa lis\u00e4t\u00e4 pelaajia. T\u00e4m\u00e4 kannattaa ainakin naisten huomioida!<\/div>\n\t\t\t\t\t\n\t\t\t\t\t\t\t\t\t\t\t<div class=\"link\">\n\t\t\t\t\t\t\t<a href=\"https:\/\/sivustot.lentopallo.fi\/istumalentopallo\/kilpailutoiminta\/saannot-ja-sarjamaaraykset\/\" target=\"_self\">S\u00e4\u00e4nn\u00f6t ja sarjam\u00e4\u00e4r\u00e4ykset<\/a>\t\t\t\t\t\t<\/div>\n\t\t\t\t\t\t\t\t\t<\/div>\n\t\t\t\t\t<\/div>\n\t<\/section>\n","protected":false},"featured_media":592,"template":"","news-themes":[10],"class_list":["post-811","uutiset","type-uutiset","status-publish","has-post-thumbnail","hentry"],"acf":[],"_links":{"self":[{"href":"https:\/\/sivustot.lentopallo.fi\/istumalentopallo\/wp-json\/wp\/v2\/uutiset\/811","targetHints":{"allow":["GET"]}}],"collection":[{"href":"https:\/\/sivustot.lentopallo.fi\/istumalentopallo\/wp-json\/wp\/v2\/uutiset"}],"about":[{"href":"https:\/\/sivustot.lentopallo.fi\/istumalentopallo\/wp-json\/wp\/v2\/types\/uutiset"}],"wp:featuredmedia":[{"embeddable":true,"href":"https:\/\/sivustot.lentopallo.fi\/istumalentopallo\/wp-json\/wp\/v2\/media\/592"}],"wp:attachment":[{"href":"https:\/\/sivustot.lentopallo.fi\/istumalentopallo\/wp-json\/wp\/v2\/media?parent=811"}],"wp:term":[{"taxonomy":"news-themes","embeddable":true,"href":"https:\/\/sivustot.lentopallo.fi\/istumalentopallo\/wp-json\/wp\/v2\/news-themes?post=811"}],"curies":[{"name":"wp","href":"https:\/\/api.w.org\/{rel}","templated":true}]}}