{"id":192,"date":"2025-08-01T07:27:00","date_gmt":"2025-08-01T04:27:00","guid":{"rendered":"https:\/\/sivustot.lentopallo.fi\/lansi-suomi\/?page_id=192"},"modified":"2026-08-07T12:23:17","modified_gmt":"2026-08-07T09:23:17","slug":"etusivu","status":"publish","type":"page","link":"https:\/\/sivustot.lentopallo.fi\/lansi-suomi\/","title":{"rendered":"L\u00e4nsi &#8211; Etusivu"},"content":{"rendered":"\n<section id=\"block_74a78702f4193751db15bfc4ac68d3e8\" class=\"intro-carousel\">\n\t\n\n\t\t\t<div class=\"carousel-list cl-custom\">\n\t\t\t\t\t\t\t\t\t\t\t\t\t\t\t\t\t\t\t\t\t\t\t\t\t\t\t<div class=\"slide slide-custom\" style=\"background-image:url(https:\/\/sivustot.lentopallo.fi\/lansi-suomi\/files\/2024\/02\/Ct1_Rollo_2023_06-1920x1440.jpg);\">\n\t\t\t\t\t\t\t<div class=\"container\">\n\t\t\t\t\t\t\t\t\t\t\t\t\t\t\t\t\t<div class=\"slide-custom-content\">\n\t\t\t\t\t\t\t\t\t\t\t\t\t\t\t\t\t\t\t\t\t<h3 class=\"slide-custom-title\">Me ollaan L\u00e4nsi<\/h3>\n\t\t\t\t\t\t\t\t\t\t\n\t\t\t\t\t\t\t\t\t\t\t\t\t\t\t\t\t\t\t<\/div>\n\t\t\t\t\t\t\t\t\t\t\t\t\t\t\t<\/div>\n\t\t\t\t\t\t<\/div>\n\t\t\t\t\t\t\t\t\t\t\t\t\t\t<\/div>\n\t<\/section>\n\n\n\n<h2 class=\"wp-block-heading\"><\/h2>\n\n\n\n<h2 class=\"wp-block-heading has-text-align-center\"><br><strong>Tervetuloa L\u00e4nnen lentopallon kotisivuille<\/strong><\/h2>\n\n\n\n<section id=\"block_29d6183d3b96838b1e4ee8a772cfb2be\" class=\"related-news\">\n\t\n\n\t<div class=\"related-news-holder\">\n\t\t\n\t\t<div class=\"related-news-list\">\n\t\t\t\t\t\t\t\n<div class=\"news-block post-3943 uutiset type-uutiset status-publish hentry\">\n\t<div class=\"info font-color-white\" style=\"background-color:#09162c;\" data-color=\"#09162c\">\n\t\t<div class=\"holder-info\">\n\t\t\t<div class=\"news-date-info\">\n\t\t\t\t\n\t\t\t\t\t<time datetime=\"2026-08-07\">\n\t\t\t\t\t\t07.08.2026\t\t\t\t\t<\/time>\n\t\t\t\t\n\t\t\t<\/div>\n\n\t\t\t\t\t<\/div>\n\n\t\t<h2 class=\"news-title\"><a href=\"https:\/\/sivustot.lentopallo.fi\/lansi-suomi\/uutiset\/lannen-u11-ja-u13-sarjatoimintaan-uudistuksia-kaudelle-2026-2027\/\" rel=\"bookmark\">L\u00e4nnen U11- ja U13-sarjatoimintaan uudistuksia kaudelle 2026\u20132027<\/a><\/h2>\n\t\t<a class=\"btn btn-read-more\" href=\"https:\/\/sivustot.lentopallo.fi\/lansi-suomi\/uutiset\/lannen-u11-ja-u13-sarjatoimintaan-uudistuksia-kaudelle-2026-2027\/\" rel=\"bookmark\">Lue lis\u00e4\u00e4<\/a>\n\t<\/div>\n\n\t<\/div>\n\t\t\t\t\t\t\t\n<div class=\"news-block post-3950 uutiset type-uutiset status-publish hentry\">\n\t<div class=\"info font-color-white\" style=\"background-color:#09162c;\" data-color=\"#09162c\">\n\t\t<div class=\"holder-info\">\n\t\t\t<div class=\"news-date-info\">\n\t\t\t\t\n\t\t\t\t\t<time datetime=\"2026-01-11\">\n\t\t\t\t\t\t11.01.2026\t\t\t\t\t<\/time>\n\t\t\t\t\n\t\t\t<\/div>\n\n\t\t\t\t\t<\/div>\n\n\t\t<h2 class=\"news-title\"><a href=\"https:\/\/sivustot.lentopallo.fi\/lansi-suomi\/uutiset\/soihdunkantaja-vaihtuu\/\" rel=\"bookmark\">Soihdunkantaja vaihtuu<\/a><\/h2>\n\t\t<a class=\"btn btn-read-more\" href=\"https:\/\/sivustot.lentopallo.fi\/lansi-suomi\/uutiset\/soihdunkantaja-vaihtuu\/\" rel=\"bookmark\">Lue lis\u00e4\u00e4<\/a>\n\t<\/div>\n\n\t<\/div>\n\t\t\t\t\t\t\t\n<div class=\"news-block post-3423 uutiset type-uutiset status-publish has-post-thumbnail hentry\">\n\t<div class=\"info font-color-white\" style=\"background-color:#09162c;\" data-color=\"#09162c\">\n\t\t<div class=\"holder-info\">\n\t\t\t<div class=\"news-date-info\">\n\t\t\t\t\n\t\t\t\t\t<time datetime=\"2025-09-22\">\n\t\t\t\t\t\t22.09.2025\t\t\t\t\t<\/time>\n\t\t\t\t\n\t\t\t<\/div>\n\n\t\t\t\t\t<\/div>\n\n\t\t<h2 class=\"news-title\"><a href=\"https:\/\/sivustot.lentopallo.fi\/lansi-suomi\/uutiset\/lasten-urheilun-illat-kiertue\/\" rel=\"bookmark\">\u201dLasten urheilun illat\u201d-kiertue<\/a><\/h2>\n\t\t<a class=\"btn btn-read-more\" href=\"https:\/\/sivustot.lentopallo.fi\/lansi-suomi\/uutiset\/lasten-urheilun-illat-kiertue\/\" rel=\"bookmark\">Lue lis\u00e4\u00e4<\/a>\n\t<\/div>\n\n\t\t\t<div class=\"news-image\" style=\"background-image:url(https:\/\/sivustot.lentopallo.fi\/lansi-suomi\/files\/2025\/09\/Karuselli1-819x1024-1.png);\">\n\t\t\t\t\t\t\t<svg class=\"news-image-shape\" xmlns=\"http:\/\/www.w3.org\/2000\/svg\" width=\"1059\" height=\"643\" viewBox=\"0 0 1059 643\">\n\t\t\t\t\t<defs>\n\t\t\t\t\t\t<style>\n\t\t\t\t\t\t\t.cls-3423 {\n\t\t\t\t\t\t\t\tfill: #09162c;\n\t\t\t\t\t\t\t\tfill-rule: evenodd;\n\t\t\t\t\t\t\t}\n\t\t\t\t\t\t<\/style>\n\t\t\t\t\t<\/defs>\n\t\t\t\t\t<path vector-effect=\"non-scaling-stroke\" class=\"path-image-shape cls-3423\" d=\"M1056,0h3V372l-297-1ZM455,642H306L454,372h1L603,642H455ZM0,278.815V185l301,93.185v0.63L0,372V278.815ZM1058,373h1V643H910Z\"\/>\n\t\t\t\t<\/svg>\n\t\t\t\t\t<\/div>\n\t<\/div>\n\t\t\t\t\t\t\t\n<div class=\"news-block post-3350 uutiset type-uutiset status-publish has-post-thumbnail hentry\">\n\t<div class=\"info font-color-white\" style=\"background-color:#09162c;\" data-color=\"#09162c\">\n\t\t<div class=\"holder-info\">\n\t\t\t<div class=\"news-date-info\">\n\t\t\t\t\n\t\t\t\t\t<time datetime=\"2025-09-11\">\n\t\t\t\t\t\t11.09.2025\t\t\t\t\t<\/time>\n\t\t\t\t\n\t\t\t<\/div>\n\n\t\t\t\t\t<\/div>\n\n\t\t<h2 class=\"news-title\"><a href=\"https:\/\/sivustot.lentopallo.fi\/lansi-suomi\/uutiset\/sarjainfot\/\" rel=\"bookmark\">Sarjainfot<\/a><\/h2>\n\t\t<a class=\"btn btn-read-more\" href=\"https:\/\/sivustot.lentopallo.fi\/lansi-suomi\/uutiset\/sarjainfot\/\" rel=\"bookmark\">Lue lis\u00e4\u00e4<\/a>\n\t<\/div>\n\n\t\t\t<div class=\"news-image\" style=\"background-image:url(https:\/\/sivustot.lentopallo.fi\/lansi-suomi\/files\/2025\/09\/cropped-sl_white_logotype.png);\">\n\t\t\t\t\t\t\t<svg class=\"news-image-shape\" xmlns=\"http:\/\/www.w3.org\/2000\/svg\" width=\"1059\" height=\"643\" viewBox=\"0 0 1059 643\">\n\t\t\t\t\t<defs>\n\t\t\t\t\t\t<style>\n\t\t\t\t\t\t\t.cls-3350 {\n\t\t\t\t\t\t\t\tfill: #09162c;\n\t\t\t\t\t\t\t\tfill-rule: evenodd;\n\t\t\t\t\t\t\t}\n\t\t\t\t\t\t<\/style>\n\t\t\t\t\t<\/defs>\n\t\t\t\t\t<path vector-effect=\"non-scaling-stroke\" class=\"path-image-shape cls-3350\" d=\"M1056,0h3V372l-297-1ZM455,642H306L454,372h1L603,642H455ZM0,278.815V185l301,93.185v0.63L0,372V278.815ZM1058,373h1V643H910Z\"\/>\n\t\t\t\t<\/svg>\n\t\t\t\t\t<\/div>\n\t<\/div>\n\t\t\t\t\t\t\t\n<div class=\"news-block post-3952 uutiset type-uutiset status-publish hentry\">\n\t<div class=\"info font-color-white\" style=\"background-color:#09162c;\" data-color=\"#09162c\">\n\t\t<div class=\"holder-info\">\n\t\t\t<div class=\"news-date-info\">\n\t\t\t\t\n\t\t\t\t\t<time datetime=\"2025-08-29\">\n\t\t\t\t\t\t29.08.2025\t\t\t\t\t<\/time>\n\t\t\t\t\n\t\t\t<\/div>\n\n\t\t\t\t\t<\/div>\n\n\t\t<h2 class=\"news-title\"><a href=\"https:\/\/sivustot.lentopallo.fi\/lansi-suomi\/uutiset\/lannen-odotettu-uutinen\/\" rel=\"bookmark\">L\u00e4nnen odotettu uutinen<\/a><\/h2>\n\t\t<a class=\"btn btn-read-more\" href=\"https:\/\/sivustot.lentopallo.fi\/lansi-suomi\/uutiset\/lannen-odotettu-uutinen\/\" rel=\"bookmark\">Lue lis\u00e4\u00e4<\/a>\n\t<\/div>\n\n\t<\/div>\n\t\t\t\t\t\t\t\t<\/div>\n\n\t\t\t<\/div>\n\n\n<\/section>\n\n\n\n<p class=\"wp-block-paragraph\"><br><\/p>\n\n\n\n<div class=\"wp-block-buttons is-content-justification-center is-layout-flex wp-container-core-buttons-is-layout-fe48e5de wp-block-buttons-is-layout-flex\"><\/div>\n\n\n\n<h2 class=\"wp-block-heading has-text-align-center\">Aikaisempia uutisia<\/h2>\n\n\n\n<hr class=\"wp-block-separator has-alpha-channel-opacity\" \/>\n\n\n\n<h3 class=\"wp-block-heading has-text-align-center\"><strong><em><a href=\"https:\/\/www.facebook.com\/story.php?story_fbid=1469694921769093&amp;id=100061857982943&amp;rdid=oUdYGFz8teysDQa8\" data-type=\"page\" data-id=\"3357\" target=\"_blank\" rel=\"noreferrer noopener\">Urheilijan ymp\u00e4rivuotinen kehittyminen<\/a><\/em><\/strong><\/h3>\n\n\n\n<hr class=\"wp-block-separator has-alpha-channel-opacity\" \/>\n\n\n\n<h3 class=\"wp-block-heading has-text-align-center\"><strong><em><a href=\"https:\/\/sivustot.lentopallo.fi\/lansi-suomi\/keski-suomi\/keski-suomen-urheilugaala-2026\/\" data-type=\"page\" data-id=\"3357\">Keski-Suomen Urheilugaala 2026<\/a><\/em><\/strong><\/h3>\n\n\n\n<hr class=\"wp-block-separator has-alpha-channel-opacity\" \/>\n\n\n\n<h3 class=\"wp-block-heading has-text-align-center\"><strong><em><a href=\"https:\/\/sivustot.lentopallo.fi\/lansi-suomi\/aluevalmennus\/u17-alue-sm-2025\/\" data-type=\"page\" data-id=\"3357\">B Alue SM-turnaus, Kuortane<\/a><\/em><\/strong><\/h3>\n\n\n\n<hr class=\"wp-block-separator has-alpha-channel-opacity\" \/>\n\n\n\n<h3 class=\"wp-block-heading has-text-align-center\"><strong><a href=\"https:\/\/sivustot.lentopallo.fi\/lansi-suomi\/kilpailutoiminta\/aikuiset\/saannot-ja-sarjamaaraykset\/\"><em>L\u00e4nnen aikuisten sarjam\u00e4\u00e4r\u00e4ykset 2025-2026<\/em><\/a><\/strong><\/h3>\n\n\n\n<hr class=\"wp-block-separator has-alpha-channel-opacity\" \/>\n\n\n\n<h3 class=\"wp-block-heading has-text-align-center\"><a href=\"https:\/\/sivustot.lentopallo.fi\/lansi-suomi\/aluevalmennus\/c-alue-sm-2025\/\" data-type=\"page\" data-id=\"3025\" target=\"_blank\" rel=\"noreferrer noopener\"><em><strong>U15 (C) alue SM kisajoukkueet valittu<\/strong><\/em><\/a><\/h3>\n\n\n\n<hr class=\"wp-block-separator has-alpha-channel-opacity\" \/>\n\n\n\n<h3 class=\"wp-block-heading has-text-align-center\"><a href=\"https:\/\/sivustot.lentopallo.fi\/lansi-suomi\/aluevalmennus\/b-alue-sm-2025\/\" data-type=\"link\" data-id=\"http:\/\/www.karhuvolley.fi\/\"><em><strong>U17 (B) alue SM kisajoukkueet valittu<\/strong><\/em><\/a><\/h3>\n\n\n\n<hr class=\"wp-block-separator has-alpha-channel-opacity\" \/>\n\n\n\n<h3 class=\"wp-block-heading has-text-align-center\"><a href=\"http:\/\/www.karhuvolley.fi\/\" data-type=\"link\" data-id=\"http:\/\/www.karhuvolley.fi\/\" target=\"_blank\" rel=\"noreferrer noopener\"><em><strong>Tassulentis, Kauhajoki<\/strong><\/em><\/a><\/h3>\n\n\n\n<hr class=\"wp-block-separator has-alpha-channel-opacity\" \/>\n\n\n\n<h3 class=\"wp-block-heading has-text-align-center\"><a href=\"https:\/\/sivustot.lentopallo.fi\/lansi-suomi\/beach-volley-2025\/biitsin-sm-kauhajoki\/\"><em><strong>Biitsin SM Kauhajoki<\/strong><\/em><\/a><\/h3>\n\n\n\n<hr class=\"wp-block-separator has-alpha-channel-opacity\" \/>\n\n\n\n<h3 class=\"wp-block-heading has-text-align-center\"><em><strong><a href=\"https:\/\/sivustot.lentopallo.fi\/lansi-suomi\/aluevalmennus\/ylakoululeiritys-2025-2026\/\" data-type=\"page\" data-id=\"2691\">Yl\u00e4koululeiritys 2025-2026<\/a><\/strong><\/em><\/h3>\n\n\n\n<hr class=\"wp-block-separator has-alpha-channel-opacity\" \/>\n\n\n\n<h3 class=\"wp-block-heading has-text-align-center\"><em><a href=\"https:\/\/sivustot.lentopallo.fi\/lansi-suomi\/aluevalmennus\/b-c-valintaleirit\/\" data-type=\"page\" data-id=\"2791\"><strong>B-C, valintaleirit 3.8.<\/strong><\/a><\/em><\/h3>\n\n\n\n<hr class=\"wp-block-separator has-alpha-channel-opacity\" \/>\n\n\n\n<h3 class=\"wp-block-heading has-text-align-center\"><em><strong><a href=\"https:\/\/www.lentopallo.fi\/uutiset\/puma-volley-ja-vaasan-kiisto-a-nuorten-suomen-mestareiksi\/\" data-type=\"page\" data-id=\"2593\" target=\"_blank\" rel=\"noreferrer noopener\">Kiiston A-pojille mestaruus<\/a><\/strong><\/em><\/h3>\n\n\n\n<hr class=\"wp-block-separator has-alpha-channel-opacity\" \/>\n\n\n\n<h3 class=\"wp-block-heading has-text-align-center\"><a href=\"https:\/\/sivustot.lentopallo.fi\/lansi-suomi\/b-c-poikien-kesatreenipaiva\/\" data-type=\"page\" data-id=\"2593\"><em><strong>B-C- poikien kes\u00e4treenip\u00e4iv\u00e4, 18.5.<\/strong><\/em><\/a><\/h3>\n\n\n\n<hr class=\"wp-block-separator has-alpha-channel-opacity\" \/>\n\n\n\n<h3 class=\"wp-block-heading has-text-align-center\"><em><strong><a href=\"https:\/\/sivustot.lentopallo.fi\/lansi-suomi\/1-taso\/\" data-type=\"page\" data-id=\"2567\" target=\"_blank\" rel=\"noreferrer noopener\">1-tason valmentajakoulutus, L\u00e4nsi<\/a><\/strong><\/em><\/h3>\n\n\n\n<hr class=\"wp-block-separator has-alpha-channel-opacity\" \/>\n\n\n\n<h3 class=\"wp-block-heading has-text-align-center\"><em><strong><a href=\"https:\/\/sivustot.lentopallo.fi\/lansi-suomi\/leiripaiva-4-5-2025\/\" data-type=\"page\" data-id=\"2512\">Avoin leirip\u00e4iv\u00e4 B-C-nuorille 4.5.2025<\/a><\/strong><\/em><\/h3>\n\n\n\n<hr class=\"wp-block-separator has-alpha-channel-opacity\" \/>\n\n\n\n<h3 class=\"wp-block-heading has-text-align-center\"><em><strong><a href=\"https:\/\/sivustot.lentopallo.fi\/lansi-suomi\/aluemestaruudet\/\" data-type=\"page\" data-id=\"2445\">B-C-nuorten Aluemestaruudet ratkottu<\/a><\/strong><\/em><\/h3>\n\n\n\n<hr class=\"wp-block-separator has-alpha-channel-opacity\" \/>\n\n\n\n<h3 class=\"wp-block-heading has-text-align-center\"><em><strong><a href=\"https:\/\/sivustot.lentopallo.fi\/lansi-suomi\/vallan-vaihto\/\" data-type=\"page\" data-id=\"2383\" target=\"_blank\" rel=\"noreferrer noopener\">Valta vaihtuu, uusi alueen p\u00e4\u00e4valmentaja<\/a><\/strong><\/em><\/h3>\n\n\n\n<hr class=\"wp-block-separator has-alpha-channel-opacity\" \/>\n\n\n\n<h3 class=\"wp-block-heading has-text-align-center\"><a href=\"https:\/\/sivustot.lentopallo.fi\/lansi-suomi\/aluevalmennus\/c-alue-sm-2024\/\" data-type=\"page\" data-id=\"2055\"><strong><em>L\u00e4nnelle tuplamestaruus C Alue SM-kisoista Kuortaneelta 2024<br><\/em><\/strong><\/a><\/h3>\n\n\n\n<p class=\"has-text-align-center wp-block-paragraph\"><br><em>Copyright<\/em><br><a href=\"https:\/\/sivustot.lentopallo.fi\/lansi-suomi\/wp-admin\/\" target=\"_blank\" rel=\"noreferrer noopener\"><em>L\u00e4nnen lentis<\/em><\/a><\/p>\n\n\n\n<p class=\"has-text-align-center wp-block-paragraph\"><br><\/p>\n\n\n\n<p class=\"wp-block-paragraph\"><br><br><\/p>\n","protected":false},"excerpt":{"rendered":"<p>Tervetuloa L\u00e4nnen lentopallon kotisivuille Aikaisempia uutisia Urheilijan ymp\u00e4rivuotinen kehittyminen Keski-Suomen Urheilugaala 2026 B Alue SM-turnaus, Kuortane L\u00e4nnen aikuisten sarjam\u00e4\u00e4r\u00e4ykset 2025-2026 U15 (C) alue SM kisajoukkueet valittu U17 (B) alue SM kisajoukkueet valittu Tassulentis, Kauhajoki Biitsin SM Kauhajoki Yl\u00e4koululeiritys 2025-2026 B-C, valintaleirit 3.8. Kiiston A-pojille mestaruus B-C- poikien kes\u00e4treenip\u00e4iv\u00e4, 18.5. 1-tason valmentajakoulutus, L\u00e4nsi Avoin leirip\u00e4iv\u00e4 B-C-nuorille [&hellip;]<\/p>\n","protected":false},"author":1,"featured_media":0,"parent":251,"menu_order":0,"comment_status":"closed","ping_status":"closed","template":"pages\/template-home.php","meta":{"_acf_changed":false,"inline_featured_image":false,"footnotes":""},"class_list":["post-192","page","type-page","status-publish","hentry"],"acf":[],"_links":{"self":[{"href":"https:\/\/sivustot.lentopallo.fi\/lansi-suomi\/wp-json\/wp\/v2\/pages\/192","targetHints":{"allow":["GET"]}}],"collection":[{"href":"https:\/\/sivustot.lentopallo.fi\/lansi-suomi\/wp-json\/wp\/v2\/pages"}],"about":[{"href":"https:\/\/sivustot.lentopallo.fi\/lansi-suomi\/wp-json\/wp\/v2\/types\/page"}],"author":[{"embeddable":true,"href":"https:\/\/sivustot.lentopallo.fi\/lansi-suomi\/wp-json\/wp\/v2\/users\/1"}],"replies":[{"embeddable":true,"href":"https:\/\/sivustot.lentopallo.fi\/lansi-suomi\/wp-json\/wp\/v2\/comments?post=192"}],"version-history":[{"count":20,"href":"https:\/\/sivustot.lentopallo.fi\/lansi-suomi\/wp-json\/wp\/v2\/pages\/192\/revisions"}],"predecessor-version":[{"id":3958,"href":"https:\/\/sivustot.lentopallo.fi\/lansi-suomi\/wp-json\/wp\/v2\/pages\/192\/revisions\/3958"}],"up":[{"embeddable":true,"href":"https:\/\/sivustot.lentopallo.fi\/lansi-suomi\/wp-json\/wp\/v2\/pages\/251"}],"wp:attachment":[{"href":"https:\/\/sivustot.lentopallo.fi\/lansi-suomi\/wp-json\/wp\/v2\/media?parent=192"}],"curies":[{"name":"wp","href":"https:\/\/api.w.org\/{rel}","templated":true}]}}