{"id":2164,"date":"2024-09-20T17:46:34","date_gmt":"2024-09-20T14:46:34","guid":{"rendered":"https:\/\/sivustot.lentopallo.fi\/lansi-suomi\/?page_id=2164"},"modified":"2026-01-26T11:30:25","modified_gmt":"2026-01-26T09:30:25","slug":"sarjakaaviot","status":"publish","type":"page","link":"https:\/\/sivustot.lentopallo.fi\/lansi-suomi\/kilpailutoiminta\/minit\/sarjakaaviot\/","title":{"rendered":"Sarjakaaviot"},"content":{"rendered":"\n<h2 class=\"wp-block-heading\">Syksy 2025<\/h2>\n\n\n\n<p>Sarjan otsikko on linkki sarjan ohjelmaan tulospalvelussa.<\/p>\n\n\n\n<div class=\"wp-block-buttons is-layout-flex wp-block-buttons-is-layout-flex\">\n<div class=\"wp-block-button is-style-fill\"><a class=\"wp-block-button__link has-vivid-cyan-blue-background-color has-background wp-element-button\" href=\"https:\/\/docs.google.com\/spreadsheets\/d\/1cgyoLyZ1xyqSAeQJ_ty6qS-NCA6piLfkN1M6Iwxk1pk\/edit?usp=sharing\"><strong>TURNAUSJ\u00c4RJEST\u00c4J\u00c4T<\/strong><\/a><\/div>\n<\/div>\n\n\n\n<ul class=\"wp-block-list\">\n<li>J\u00e4rjest\u00e4j\u00e4taulukko, ohjeita turnausten j\u00e4rjest\u00e4miseen, turnauskutsun tekemiseen, mobiilip\u00f6yt\u00e4kirjan k\u00e4ytt\u00f6\u00f6n, tekniseen palaveriin ja minituomareille<\/li>\n\n\n\n<li>Sarjanhoitajalle voi ilmoittaa mahdollisista esteist\u00e4 ja\/tai j\u00e4rjest\u00e4j\u00e4toiveista.<\/li>\n<\/ul>\n\n\n\n<div class=\"wp-block-buttons is-layout-flex wp-block-buttons-is-layout-flex\">\n<div class=\"wp-block-button is-style-fill\"><a class=\"wp-block-button__link has-vivid-cyan-blue-background-color has-background wp-element-button\" href=\"https:\/\/www.lentopallo.fi\/kilpailu\/ohjeet\/\"><strong>OHJEET KiSa-PALVELUN K\u00c4YTT\u00d6\u00d6N<\/strong><\/a><\/div>\n<\/div>\n\n\n\n<ul class=\"wp-block-list\">\n<li>pelaajaluettelot<\/li>\n\n\n\n<li>joukkueiden taustahenkil\u00f6t<\/li>\n\n\n\n<li>mobiilip\u00f6yt\u00e4kirja<\/li>\n<\/ul>\n\n\n\n<div class=\"wp-block-buttons is-layout-flex wp-block-buttons-is-layout-flex\">\n<div class=\"wp-block-button\"><a class=\"wp-block-button__link has-vivid-cyan-blue-background-color has-background wp-element-button\" href=\"https:\/\/www.lentopallo.fi\/valmennus\/mini-ikaisten-valmennus\/\"><strong>MINI-IK\u00c4ISTEN S\u00c4\u00c4NT\u00d6INFO<\/strong><\/a><\/div>\n<\/div>\n\n\n\n<ul class=\"wp-block-list\">\n<li>Triplapallon ohjevideo<\/li>\n\n\n\n<li>s\u00e4\u00e4nt\u00f6muutokset kaudelle 25-26<\/li>\n<\/ul>\n\n\n\n<p>Sarja otsikko on linkki sarjan ohjelmaan tulospalvelussa.<\/p>\n\n\n\n<h2 class=\"wp-block-heading\"><a href=\"https:\/\/tulospalvelu.lentopallo.fi\/category\/U13P!vb2025lasuomi\/tables\">U13(D) AM-sarja<\/a> EP<\/h2>\n\n\n\n<h3 class=\"wp-block-heading\">Syksy 2025<\/h3>\n\n\n\n<p>E-P:n tojat ja tyt\u00f6t pelaavat yhdess\u00e4, ohjelma poikien sarjassa.<\/p>\n\n\n\n<figure class=\"wp-block-image size-full is-resized\"><img loading=\"lazy\" decoding=\"async\" width=\"517\" height=\"788\" src=\"https:\/\/sivustot.lentopallo.fi\/lansi-suomi\/files\/2025\/09\/image-18.png\" alt=\"\" class=\"wp-image-3447\" style=\"width:461px;height:auto\" srcset=\"https:\/\/sivustot.lentopallo.fi\/lansi-suomi\/files\/2025\/09\/image-18.png 517w, https:\/\/sivustot.lentopallo.fi\/lansi-suomi\/files\/2025\/09\/image-18-197x300.png 197w, https:\/\/sivustot.lentopallo.fi\/lansi-suomi\/files\/2025\/09\/image-18-300x457.png 300w, https:\/\/sivustot.lentopallo.fi\/lansi-suomi\/files\/2025\/09\/image-18-55x84.png 55w\" sizes=\"auto, (max-width: 517px) 100vw, 517px\" \/><\/figure>\n\n\n\n<h3 class=\"wp-block-heading\">Kev\u00e4t 2026<\/h3>\n\n\n\n<p><strong>Pojat<\/strong><\/p>\n\n\n\n<figure class=\"wp-block-image size-full is-resized\"><img loading=\"lazy\" decoding=\"async\" width=\"584\" height=\"728\" src=\"https:\/\/sivustot.lentopallo.fi\/lansi-suomi\/files\/2026\/01\/image-3.png\" alt=\"\" class=\"wp-image-3633\" style=\"aspect-ratio:0.8021935566954991;width:599px;height:auto\" srcset=\"https:\/\/sivustot.lentopallo.fi\/lansi-suomi\/files\/2026\/01\/image-3.png 584w, https:\/\/sivustot.lentopallo.fi\/lansi-suomi\/files\/2026\/01\/image-3-241x300.png 241w, https:\/\/sivustot.lentopallo.fi\/lansi-suomi\/files\/2026\/01\/image-3-300x374.png 300w, https:\/\/sivustot.lentopallo.fi\/lansi-suomi\/files\/2026\/01\/image-3-55x69.png 55w\" sizes=\"auto, (max-width: 584px) 100vw, 584px\" \/><\/figure>\n\n\n\n<h2 class=\"wp-block-heading\"><a href=\"https:\/\/tulospalvelu.lentopallo.fi\/category\/U13T!vb2025lasuomi\/tables\">U13(D)-tyt\u00f6t<\/a><\/h2>\n\n\n\n<h3 class=\"wp-block-heading\">Kev\u00e4t 2026<\/h3>\n\n\n\n<figure class=\"wp-block-image size-full is-resized\"><img loading=\"lazy\" decoding=\"async\" width=\"306\" height=\"682\" src=\"https:\/\/sivustot.lentopallo.fi\/lansi-suomi\/files\/2026\/01\/image-2.png\" alt=\"\" class=\"wp-image-3631\" style=\"aspect-ratio:0.4486882804444954;width:346px;height:auto\" srcset=\"https:\/\/sivustot.lentopallo.fi\/lansi-suomi\/files\/2026\/01\/image-2.png 306w, https:\/\/sivustot.lentopallo.fi\/lansi-suomi\/files\/2026\/01\/image-2-135x300.png 135w, https:\/\/sivustot.lentopallo.fi\/lansi-suomi\/files\/2026\/01\/image-2-300x669.png 300w, https:\/\/sivustot.lentopallo.fi\/lansi-suomi\/files\/2026\/01\/image-2-55x123.png 55w\" sizes=\"auto, (max-width: 306px) 100vw, 306px\" \/><\/figure>\n\n\n\n<h2 class=\"wp-block-heading\"><a href=\"https:\/\/tulospalvelu.lentopallo.fi\/category\/U13P!vb2025lasuomi\/tables\">U13(D)-pojat ja -tyt\u00f6t<\/a> KS<\/h2>\n\n\n\n<figure class=\"wp-block-image size-full is-resized\"><img loading=\"lazy\" decoding=\"async\" width=\"322\" height=\"537\" src=\"https:\/\/sivustot.lentopallo.fi\/lansi-suomi\/files\/2025\/12\/image-8.png\" alt=\"\" class=\"wp-image-3588\" style=\"aspect-ratio:0.5996333585520572;width:412px;height:auto\" srcset=\"https:\/\/sivustot.lentopallo.fi\/lansi-suomi\/files\/2025\/12\/image-8.png 322w, https:\/\/sivustot.lentopallo.fi\/lansi-suomi\/files\/2025\/12\/image-8-180x300.png 180w, https:\/\/sivustot.lentopallo.fi\/lansi-suomi\/files\/2025\/12\/image-8-300x500.png 300w, https:\/\/sivustot.lentopallo.fi\/lansi-suomi\/files\/2025\/12\/image-8-55x92.png 55w\" sizes=\"auto, (max-width: 322px) 100vw, 322px\" \/><\/figure>\n\n\n\n<h3 class=\"wp-block-heading\">Syksy 2025<\/h3>\n\n\n\n<p>Keski-Suomen tyt\u00f6t ja pojat, AM- ja Tiikerisarja pelaavat yhdess\u00e4, ohjelma poikien AM-sarjassa. Lohkossa 1 ja A-pooleissa pelataan minis\u00e4\u00e4nn\u00f6ill\u00e4, lohkossa 2 ja B-pooleissa triplapalloa.<\/p>\n\n\n\n<figure class=\"wp-block-image size-full is-resized\"><img loading=\"lazy\" decoding=\"async\" width=\"270\" height=\"713\" src=\"https:\/\/sivustot.lentopallo.fi\/lansi-suomi\/files\/2025\/09\/image-2.png\" alt=\"\" class=\"wp-image-3414\" style=\"aspect-ratio:0.37869276634042076;width:298px;height:auto\" srcset=\"https:\/\/sivustot.lentopallo.fi\/lansi-suomi\/files\/2025\/09\/image-2.png 270w, https:\/\/sivustot.lentopallo.fi\/lansi-suomi\/files\/2025\/09\/image-2-114x300.png 114w, https:\/\/sivustot.lentopallo.fi\/lansi-suomi\/files\/2025\/09\/image-2-55x145.png 55w\" sizes=\"auto, (max-width: 270px) 100vw, 270px\" \/><\/figure>\n\n\n\n<h3 class=\"wp-block-heading\">Kev\u00e4t 2026<\/h3>\n\n\n\n<figure class=\"wp-block-image size-full is-resized\"><img loading=\"lazy\" decoding=\"async\" width=\"352\" height=\"632\" src=\"https:\/\/sivustot.lentopallo.fi\/lansi-suomi\/files\/2025\/12\/image-2.png\" alt=\"\" class=\"wp-image-3581\" style=\"aspect-ratio:0.556964842011571;width:459px;height:auto\" srcset=\"https:\/\/sivustot.lentopallo.fi\/lansi-suomi\/files\/2025\/12\/image-2.png 352w, https:\/\/sivustot.lentopallo.fi\/lansi-suomi\/files\/2025\/12\/image-2-167x300.png 167w, https:\/\/sivustot.lentopallo.fi\/lansi-suomi\/files\/2025\/12\/image-2-300x539.png 300w, https:\/\/sivustot.lentopallo.fi\/lansi-suomi\/files\/2025\/12\/image-2-55x99.png 55w\" sizes=\"auto, (max-width: 352px) 100vw, 352px\" \/><\/figure>\n\n\n\n<h2 class=\"wp-block-heading\"><a href=\"https:\/\/tulospalvelu.lentopallo.fi\/category\/U13Tt!vb2025lasuomi\/tables\">U13(D)-tiikeri EP<\/a><\/h2>\n\n\n\n<h3 class=\"wp-block-heading\">Syksy 2025<\/h3>\n\n\n\n<p>E-P:n tyt\u00f6t ja pojat pelaavat yhdess\u00e4, ohjelma tytt\u00f6jen tiikerisarjassa.<\/p>\n\n\n\n<figure class=\"wp-block-image size-full is-resized\"><img loading=\"lazy\" decoding=\"async\" width=\"292\" height=\"297\" src=\"https:\/\/sivustot.lentopallo.fi\/lansi-suomi\/files\/2025\/09\/image-6.png\" alt=\"\" class=\"wp-image-3427\" style=\"aspect-ratio:0.9831711035534185;width:290px;height:auto\" srcset=\"https:\/\/sivustot.lentopallo.fi\/lansi-suomi\/files\/2025\/09\/image-6.png 292w, https:\/\/sivustot.lentopallo.fi\/lansi-suomi\/files\/2025\/09\/image-6-55x56.png 55w\" sizes=\"auto, (max-width: 292px) 100vw, 292px\" \/><\/figure>\n\n\n\n<h2 class=\"wp-block-heading\"><a href=\"https:\/\/tulospalvelu.lentopallo.fi\/category\/U13-6vs6!vb2025lasuomi\/tables\">U13(D) 6vs6<\/a><\/h2>\n\n\n\n<h3 class=\"wp-block-heading\">Syksy 2025<\/h3>\n\n\n\n<figure class=\"wp-block-image size-full is-resized\"><img loading=\"lazy\" decoding=\"async\" width=\"468\" height=\"677\" src=\"https:\/\/sivustot.lentopallo.fi\/lansi-suomi\/files\/2025\/09\/image-16.png\" alt=\"\" class=\"wp-image-3443\" style=\"aspect-ratio:0.691275487140444;width:524px;height:auto\" srcset=\"https:\/\/sivustot.lentopallo.fi\/lansi-suomi\/files\/2025\/09\/image-16.png 468w, https:\/\/sivustot.lentopallo.fi\/lansi-suomi\/files\/2025\/09\/image-16-207x300.png 207w, https:\/\/sivustot.lentopallo.fi\/lansi-suomi\/files\/2025\/09\/image-16-300x434.png 300w, https:\/\/sivustot.lentopallo.fi\/lansi-suomi\/files\/2025\/09\/image-16-55x80.png 55w\" sizes=\"auto, (max-width: 468px) 100vw, 468px\" \/><\/figure>\n\n\n\n<h3 class=\"wp-block-heading\">Kev\u00e4t 2026<\/h3>\n\n\n\n<figure class=\"wp-block-image size-full is-resized\"><img loading=\"lazy\" decoding=\"async\" width=\"407\" height=\"628\" src=\"https:\/\/sivustot.lentopallo.fi\/lansi-suomi\/files\/2025\/12\/image-3.png\" alt=\"\" class=\"wp-image-3582\" style=\"aspect-ratio:0.6480804160135354;width:508px;height:auto\" srcset=\"https:\/\/sivustot.lentopallo.fi\/lansi-suomi\/files\/2025\/12\/image-3.png 407w, https:\/\/sivustot.lentopallo.fi\/lansi-suomi\/files\/2025\/12\/image-3-194x300.png 194w, https:\/\/sivustot.lentopallo.fi\/lansi-suomi\/files\/2025\/12\/image-3-300x463.png 300w, https:\/\/sivustot.lentopallo.fi\/lansi-suomi\/files\/2025\/12\/image-3-55x85.png 55w\" sizes=\"auto, (max-width: 407px) 100vw, 407px\" \/><\/figure>\n\n\n\n<h2 class=\"wp-block-heading\"><a href=\"https:\/\/tulospalvelu.lentopallo.fi\/category\/U11P!vb2025lasuomi\/tables\">U11(E)-pojat aluesarja<\/a><\/h2>\n\n\n\n<h3 class=\"wp-block-heading\">Syksy 2025<\/h3>\n\n\n\n<figure class=\"wp-block-image size-full is-resized\"><img loading=\"lazy\" decoding=\"async\" width=\"318\" height=\"655\" src=\"https:\/\/sivustot.lentopallo.fi\/lansi-suomi\/files\/2025\/09\/image-14.png\" alt=\"\" class=\"wp-image-3439\" style=\"aspect-ratio:0.48549035737135543;width:339px;height:auto\" srcset=\"https:\/\/sivustot.lentopallo.fi\/lansi-suomi\/files\/2025\/09\/image-14.png 318w, https:\/\/sivustot.lentopallo.fi\/lansi-suomi\/files\/2025\/09\/image-14-146x300.png 146w, https:\/\/sivustot.lentopallo.fi\/lansi-suomi\/files\/2025\/09\/image-14-300x618.png 300w, https:\/\/sivustot.lentopallo.fi\/lansi-suomi\/files\/2025\/09\/image-14-55x113.png 55w\" sizes=\"auto, (max-width: 318px) 100vw, 318px\" \/><\/figure>\n\n\n\n<h3 class=\"wp-block-heading\">Kev\u00e4t 2026<\/h3>\n\n\n\n<p><strong>U11-aluesarja tyt\u00f6t ja pojat<\/strong><\/p>\n\n\n\n<figure class=\"wp-block-image size-full is-resized\"><img loading=\"lazy\" decoding=\"async\" width=\"650\" height=\"688\" src=\"https:\/\/sivustot.lentopallo.fi\/lansi-suomi\/files\/2025\/12\/image-4.png\" alt=\"\" class=\"wp-image-3583\" style=\"aspect-ratio:0.9447888987304399;width:762px;height:auto\" srcset=\"https:\/\/sivustot.lentopallo.fi\/lansi-suomi\/files\/2025\/12\/image-4.png 650w, https:\/\/sivustot.lentopallo.fi\/lansi-suomi\/files\/2025\/12\/image-4-283x300.png 283w, https:\/\/sivustot.lentopallo.fi\/lansi-suomi\/files\/2025\/12\/image-4-300x318.png 300w, https:\/\/sivustot.lentopallo.fi\/lansi-suomi\/files\/2025\/12\/image-4-55x58.png 55w\" sizes=\"auto, (max-width: 650px) 100vw, 650px\" \/><\/figure>\n\n\n\n<h2 class=\"wp-block-heading\"><a href=\"https:\/\/tulospalvelu.lentopallo.fi\/category\/U11Pt!vb2025lasuomi\/tables\">U11(E)-pojat Tiikerisarja EP<\/a><\/h2>\n\n\n\n<h3 class=\"wp-block-heading\">Syksy 2025<\/h3>\n\n\n\n<figure class=\"wp-block-image size-full is-resized\"><img loading=\"lazy\" decoding=\"async\" width=\"300\" height=\"822\" src=\"https:\/\/sivustot.lentopallo.fi\/lansi-suomi\/files\/2025\/09\/image-9.png\" alt=\"\" class=\"wp-image-3431\" style=\"aspect-ratio:0.3649522234072655;width:282px;height:auto\" srcset=\"https:\/\/sivustot.lentopallo.fi\/lansi-suomi\/files\/2025\/09\/image-9.png 300w, https:\/\/sivustot.lentopallo.fi\/lansi-suomi\/files\/2025\/09\/image-9-109x300.png 109w, https:\/\/sivustot.lentopallo.fi\/lansi-suomi\/files\/2025\/09\/image-9-55x151.png 55w\" sizes=\"auto, (max-width: 300px) 100vw, 300px\" \/><\/figure>\n\n\n\n<h3 class=\"wp-block-heading\">Kev\u00e4t 2026<\/h3>\n\n\n\n<figure class=\"wp-block-image size-full is-resized\"><img loading=\"lazy\" decoding=\"async\" width=\"360\" height=\"628\" src=\"https:\/\/sivustot.lentopallo.fi\/lansi-suomi\/files\/2025\/12\/image-5.png\" alt=\"\" class=\"wp-image-3584\" style=\"aspect-ratio:0.5732626707471822;width:442px;height:auto\" srcset=\"https:\/\/sivustot.lentopallo.fi\/lansi-suomi\/files\/2025\/12\/image-5.png 360w, https:\/\/sivustot.lentopallo.fi\/lansi-suomi\/files\/2025\/12\/image-5-172x300.png 172w, https:\/\/sivustot.lentopallo.fi\/lansi-suomi\/files\/2025\/12\/image-5-300x523.png 300w, https:\/\/sivustot.lentopallo.fi\/lansi-suomi\/files\/2025\/12\/image-5-55x96.png 55w\" sizes=\"auto, (max-width: 360px) 100vw, 360px\" \/><\/figure>\n\n\n\n<h2 class=\"wp-block-heading\"><a href=\"https:\/\/tulospalvelu.lentopallo.fi\/category\/U11T!vb2025lasuomi\/tables\">U11(E)-tyt\u00f6t AM-sarja<\/a><\/h2>\n\n\n\n<h3 class=\"wp-block-heading\">Syksy 2025<\/h3>\n\n\n\n<figure class=\"wp-block-image size-full is-resized\"><img loading=\"lazy\" decoding=\"async\" width=\"186\" height=\"372\" src=\"https:\/\/sivustot.lentopallo.fi\/lansi-suomi\/files\/2025\/09\/image-10.png\" alt=\"\" class=\"wp-image-3432\" style=\"aspect-ratio:0.4999758861827827;width:184px;height:auto\" srcset=\"https:\/\/sivustot.lentopallo.fi\/lansi-suomi\/files\/2025\/09\/image-10.png 186w, https:\/\/sivustot.lentopallo.fi\/lansi-suomi\/files\/2025\/09\/image-10-150x300.png 150w, https:\/\/sivustot.lentopallo.fi\/lansi-suomi\/files\/2025\/09\/image-10-55x110.png 55w\" sizes=\"auto, (max-width: 186px) 100vw, 186px\" \/><\/figure>\n\n\n\n<h3 class=\"wp-block-heading\">Kev\u00e4t 2026<\/h3>\n\n\n\n<p>Tyt\u00f6t pelaavat yhdess\u00e4 poikien kanssa, ohjelma l\u00f6ytyy poikien sarjasta.<\/p>\n\n\n\n<h2 class=\"wp-block-heading\"><a href=\"https:\/\/tulospalvelu.lentopallo.fi\/category\/U11Tt!vb2025lasuomi\/tables\">U11(E)Tiikerisarja KS<\/a><\/h2>\n\n\n\n<h3 class=\"wp-block-heading\">Syksy 2025<\/h3>\n\n\n\n<p>Tyt\u00f6t ja pojat pelaavat yhdess\u00e4, ohjelma tytt\u00f6jen sarjassa<\/p>\n\n\n\n<figure class=\"wp-block-image size-full is-resized\"><img loading=\"lazy\" decoding=\"async\" width=\"157\" height=\"340\" src=\"https:\/\/sivustot.lentopallo.fi\/lansi-suomi\/files\/2025\/09\/image-12.png\" alt=\"\" class=\"wp-image-3434\" style=\"aspect-ratio:0.46177110415450734;width:161px;height:auto\" srcset=\"https:\/\/sivustot.lentopallo.fi\/lansi-suomi\/files\/2025\/09\/image-12.png 157w, https:\/\/sivustot.lentopallo.fi\/lansi-suomi\/files\/2025\/09\/image-12-139x300.png 139w, https:\/\/sivustot.lentopallo.fi\/lansi-suomi\/files\/2025\/09\/image-12-55x119.png 55w\" sizes=\"auto, (max-width: 157px) 100vw, 157px\" \/><\/figure>\n\n\n\n<h3 class=\"wp-block-heading\">Kev\u00e4t 2026<\/h3>\n\n\n\n<figure class=\"wp-block-image size-full is-resized\"><img loading=\"lazy\" decoding=\"async\" width=\"148\" height=\"133\" src=\"https:\/\/sivustot.lentopallo.fi\/lansi-suomi\/files\/2025\/12\/image-6.png\" alt=\"\" class=\"wp-image-3585\" style=\"aspect-ratio:1.1127952062037363;width:189px;height:auto\" srcset=\"https:\/\/sivustot.lentopallo.fi\/lansi-suomi\/files\/2025\/12\/image-6.png 148w, https:\/\/sivustot.lentopallo.fi\/lansi-suomi\/files\/2025\/12\/image-6-55x49.png 55w\" sizes=\"auto, (max-width: 148px) 100vw, 148px\" \/><\/figure>\n\n\n\n<h2 class=\"wp-block-heading\"><a href=\"https:\/\/tulospalvelu.lentopallo.fi\/category\/U11Tt!vb2025lasuomi\/tables\">U11(E)-tyt\u00f6t Tiikerisarja EP<\/a><\/h2>\n\n\n\n<h3 class=\"wp-block-heading\">Syksy 2025<\/h3>\n\n\n\n<figure class=\"wp-block-image size-full is-resized\"><img loading=\"lazy\" decoding=\"async\" width=\"492\" height=\"743\" src=\"https:\/\/sivustot.lentopallo.fi\/lansi-suomi\/files\/2025\/09\/image-17.png\" alt=\"\" class=\"wp-image-3445\" style=\"aspect-ratio:0.6622026388098126;width:461px;height:auto\" srcset=\"https:\/\/sivustot.lentopallo.fi\/lansi-suomi\/files\/2025\/09\/image-17.png 492w, https:\/\/sivustot.lentopallo.fi\/lansi-suomi\/files\/2025\/09\/image-17-199x300.png 199w, https:\/\/sivustot.lentopallo.fi\/lansi-suomi\/files\/2025\/09\/image-17-300x453.png 300w, https:\/\/sivustot.lentopallo.fi\/lansi-suomi\/files\/2025\/09\/image-17-55x83.png 55w\" sizes=\"auto, (max-width: 492px) 100vw, 492px\" \/><\/figure>\n\n\n\n<h3 class=\"wp-block-heading\">Kev\u00e4t 2026<\/h3>\n\n\n\n<figure class=\"wp-block-image size-full is-resized\"><img loading=\"lazy\" decoding=\"async\" width=\"497\" height=\"632\" src=\"https:\/\/sivustot.lentopallo.fi\/lansi-suomi\/files\/2025\/12\/image-7.png\" alt=\"\" class=\"wp-image-3586\" style=\"aspect-ratio:0.7864065667803986;width:599px;height:auto\" srcset=\"https:\/\/sivustot.lentopallo.fi\/lansi-suomi\/files\/2025\/12\/image-7.png 497w, https:\/\/sivustot.lentopallo.fi\/lansi-suomi\/files\/2025\/12\/image-7-236x300.png 236w, https:\/\/sivustot.lentopallo.fi\/lansi-suomi\/files\/2025\/12\/image-7-300x381.png 300w, https:\/\/sivustot.lentopallo.fi\/lansi-suomi\/files\/2025\/12\/image-7-55x70.png 55w\" sizes=\"auto, (max-width: 497px) 100vw, 497px\" \/><\/figure>\n","protected":false},"excerpt":{"rendered":"<p>Syksy 2025 Sarjan otsikko on linkki sarjan ohjelmaan tulospalvelussa. Sarja otsikko on linkki sarjan ohjelmaan tulospalvelussa. U13(D) AM-sarja EP Syksy 2025 E-P:n tojat ja tyt\u00f6t pelaavat yhdess\u00e4, ohjelma poikien sarjassa. Kev\u00e4t 2026 Pojat U13(D)-tyt\u00f6t Kev\u00e4t 2026 U13(D)-pojat ja -tyt\u00f6t KS Syksy 2025 Keski-Suomen tyt\u00f6t ja pojat, AM- ja Tiikerisarja pelaavat yhdess\u00e4, ohjelma poikien AM-sarjassa. Lohkossa [&hellip;]<\/p>\n","protected":false},"author":9,"featured_media":0,"parent":276,"menu_order":4,"comment_status":"closed","ping_status":"closed","template":"pages\/template-kilpailu.php","meta":{"_acf_changed":false,"inline_featured_image":false,"footnotes":""},"class_list":["post-2164","page","type-page","status-publish","hentry"],"acf":[],"_links":{"self":[{"href":"https:\/\/sivustot.lentopallo.fi\/lansi-suomi\/wp-json\/wp\/v2\/pages\/2164","targetHints":{"allow":["GET"]}}],"collection":[{"href":"https:\/\/sivustot.lentopallo.fi\/lansi-suomi\/wp-json\/wp\/v2\/pages"}],"about":[{"href":"https:\/\/sivustot.lentopallo.fi\/lansi-suomi\/wp-json\/wp\/v2\/types\/page"}],"author":[{"embeddable":true,"href":"https:\/\/sivustot.lentopallo.fi\/lansi-suomi\/wp-json\/wp\/v2\/users\/9"}],"replies":[{"embeddable":true,"href":"https:\/\/sivustot.lentopallo.fi\/lansi-suomi\/wp-json\/wp\/v2\/comments?post=2164"}],"version-history":[{"count":20,"href":"https:\/\/sivustot.lentopallo.fi\/lansi-suomi\/wp-json\/wp\/v2\/pages\/2164\/revisions"}],"predecessor-version":[{"id":3635,"href":"https:\/\/sivustot.lentopallo.fi\/lansi-suomi\/wp-json\/wp\/v2\/pages\/2164\/revisions\/3635"}],"up":[{"embeddable":true,"href":"https:\/\/sivustot.lentopallo.fi\/lansi-suomi\/wp-json\/wp\/v2\/pages\/276"}],"wp:attachment":[{"href":"https:\/\/sivustot.lentopallo.fi\/lansi-suomi\/wp-json\/wp\/v2\/media?parent=2164"}],"curies":[{"name":"wp","href":"https:\/\/api.w.org\/{rel}","templated":true}]}}